{"id":118,"date":"2020-01-28T16:18:30","date_gmt":"2020-01-28T15:18:30","guid":{"rendered":"http:\/\/sylvietexier.fr\/?page_id=118"},"modified":"2020-05-20T10:42:09","modified_gmt":"2020-05-20T08:42:09","slug":"diffusion","status":"publish","type":"page","link":"https:\/\/sylvietexier.fr\/?page_id=118","title":{"rendered":"DONNER A VOIR"},"content":{"rendered":"\n<div class=\"wp-block-cover aligncenter has-background-dim-10 has-luminous-vivid-amber-background-color has-background-dim\" style=\"background-image:url(http:\/\/sylvietexier.fr\/wp-content\/uploads\/2020\/05\/pr-bandeau-donnera\u0300voir.jpg);background-position:29.953917050691242% 49.263796192005366%;min-height:150px;aspect-ratio:unset;\"><div class=\"wp-block-cover__inner-container is-layout-flow wp-block-cover-is-layout-flow\">\n<p class=\"has-text-color has-text-align-right has-large-font-size has-very-light-gray-color\"><\/p>\n<\/div><\/div>\n\n\n\n<div class=\"wp-block-columns is-layout-flex wp-container-core-columns-is-layout-9d6595d7 wp-block-columns-is-layout-flex\">\n<div class=\"wp-block-column is-layout-flow wp-block-column-is-layout-flow\" style=\"flex-basis:48%\">\n<p style=\"color:#ffffff\" class=\"has-text-color\">ggggggggggggghhdhdhdhdhdhdhdhdhdhdhdhdhdhdhdhdhddhdhdhdhhddhhddhdhhdhdhddhdh<\/p>\n\n\n\n<div class=\"wp-block-image\"><figure class=\"alignleft size-large is-resized\"><img loading=\"lazy\" decoding=\"async\" src=\"http:\/\/sylvietexier.fr\/wp-content\/uploads\/2020\/05\/25_invitation-simple-ok-copie-687x1024.jpg\" alt=\"\" class=\"wp-image-998\" width=\"321\" height=\"479\" srcset=\"https:\/\/sylvietexier.fr\/wp-content\/uploads\/2020\/05\/25_invitation-simple-ok-copie-687x1024.jpg 687w, https:\/\/sylvietexier.fr\/wp-content\/uploads\/2020\/05\/25_invitation-simple-ok-copie-201x300.jpg 201w, https:\/\/sylvietexier.fr\/wp-content\/uploads\/2020\/05\/25_invitation-simple-ok-copie.jpg 720w\" sizes=\"auto, (max-width: 321px) 100vw, 321px\" \/><\/figure><\/div>\n\n\n\n<p style=\"color:#ffffff\" class=\"has-text-color\">gfgfgfgfggfgfgfgfgfgfgfgfgfgfgfggfgfggfgfgfgfgfgfgfgfgfgffgfggfgfgfgfggffgfgfgfggfgfgfggfgfggffffffff<\/p>\n\n\n\n<div class=\"wp-block-image\"><figure class=\"alignleft size-large is-resized\"><img loading=\"lazy\" decoding=\"async\" src=\"http:\/\/sylvietexier.fr\/wp-content\/uploads\/2020\/05\/Nume\u0301riser-37-734x1024.jpeg\" alt=\"\" class=\"wp-image-960\" width=\"317\" height=\"441\" srcset=\"https:\/\/sylvietexier.fr\/wp-content\/uploads\/2020\/05\/Nume\u0301riser-37-734x1024.jpeg 734w, https:\/\/sylvietexier.fr\/wp-content\/uploads\/2020\/05\/Nume\u0301riser-37-215x300.jpeg 215w, https:\/\/sylvietexier.fr\/wp-content\/uploads\/2020\/05\/Nume\u0301riser-37-768x1071.jpeg 768w, https:\/\/sylvietexier.fr\/wp-content\/uploads\/2020\/05\/Nume\u0301riser-37.jpeg 882w\" sizes=\"auto, (max-width: 317px) 100vw, 317px\" \/><\/figure><\/div>\n\n\n\n<p style=\"color:#ffffff\" class=\"has-text-color\">dddfdfdfgbfffgfggffgfgfggfgfgfgfgfgfgffgfggfffgfgfgfgfggfgffgfgggffggfgfgfgfgfgffgf<\/p>\n\n\n\n<div class=\"wp-block-image\"><figure class=\"alignleft size-large is-resized\"><img loading=\"lazy\" decoding=\"async\" src=\"http:\/\/sylvietexier.fr\/wp-content\/uploads\/2020\/05\/10ans-de-cafe\u0301vision.jpg\" alt=\"\" class=\"wp-image-961\" width=\"327\" height=\"403\" srcset=\"https:\/\/sylvietexier.fr\/wp-content\/uploads\/2020\/05\/10ans-de-cafe\u0301vision.jpg 502w, https:\/\/sylvietexier.fr\/wp-content\/uploads\/2020\/05\/10ans-de-cafe\u0301vision-243x300.jpg 243w\" sizes=\"auto, (max-width: 327px) 100vw, 327px\" \/><\/figure><\/div>\n\n\n\n<p style=\"color:#ffffff\" class=\"has-text-color\">ggdggdgdgdgdgdgdgdgdgdgdgdgdgdggdgdgdgggdgdgdgdgdgdgdgdggdgdgdgdggdgdgd<\/p>\n\n\n\n<div class=\"wp-block-image\"><figure class=\"alignleft size-large is-resized\"><img loading=\"lazy\" decoding=\"async\" src=\"http:\/\/sylvietexier.fr\/wp-content\/uploads\/2020\/05\/Nume\u0301riser-52-748x1024.jpeg\" alt=\"\" class=\"wp-image-982\" width=\"320\" height=\"437\" srcset=\"https:\/\/sylvietexier.fr\/wp-content\/uploads\/2020\/05\/Nume\u0301riser-52-748x1024.jpeg 748w, https:\/\/sylvietexier.fr\/wp-content\/uploads\/2020\/05\/Nume\u0301riser-52-219x300.jpeg 219w, https:\/\/sylvietexier.fr\/wp-content\/uploads\/2020\/05\/Nume\u0301riser-52-768x1051.jpeg 768w, https:\/\/sylvietexier.fr\/wp-content\/uploads\/2020\/05\/Nume\u0301riser-52.jpeg 887w\" sizes=\"auto, (max-width: 320px) 100vw, 320px\" \/><\/figure><\/div>\n\n\n\n<p><\/p>\n<\/div>\n\n\n\n<div class=\"wp-block-column is-layout-flow wp-block-column-is-layout-flow\" style=\"flex-basis:52%\">\n<p style=\"color:#ffffff\" class=\"has-text-color\">dfgfggggjgjgjgjgjgjgjgjgjgjgjgjgjjgjgjgjgjjgjgjgjgjgjgjgjjgjgjgjgjjgjggjjgjgjgjgjjgjgjgjjgjgjggg<\/p>\n\n\n\n<p class=\"has-text-align-left\">La r\u00e9alisation m\u2019a amen\u00e9e assez naturellement \u00e0 m\u2019int\u00e9resser\n\u00e0 la diffusion. A ce titre j&rsquo;ai entrepris une formation d&rsquo;animatrice\net g\u00e9rante de salle de cin\u00e9ma en 1993. \n<\/p>\n\n\n\n<p>Aujourd\u2019hui avec l\u2019association <em>\u00ab\u00a0<a rel=\"noreferrer noopener\" aria-label=\"la 25\u00e8me Image (s\u2019ouvre dans un nouvel onglet)\" href=\"https:\/\/la25image.ovh\/\" target=\"_blank\">la 25\u00e8me Image<\/a>\u00ab\u00a0<\/em> en Limousin, nous proposons,  de fa\u00e7on assez exceptionnelle, des s\u00e9ances sp\u00e9ciales en partenariat avec  des lieux culturels tels que, la Biblioth\u00e8que Francophone Multim\u00e9dia de Limoges, ou la r\u00e9sidence de jeunes artistes \u00e0 <em><a rel=\"noreferrer noopener\" href=\"https:\/\/www.i-f.fr\/\" target=\"_blank\">&nbsp;\u00ab\u00a0l\u2019Irresistible Fraternit\u00e9\u00a0\u00bb<\/a><\/em>, ou encore le cin\u00e9ma <em><a rel=\"noreferrer noopener\" href=\"https:\/\/www.cinebourse.fr\/\" target=\"_blank\">\u00ab&nbsp;Cin\u00e9-bourse&nbsp;\u00bb<\/a><\/em> de St-Junien (87), autour de films autoproduits, de films d&rsquo;ateliers&nbsp;.     <\/p>\n\n\n\n<p class=\"has-text-align-left\">De fa\u00e7on plus intimiste, nous mettons  en place des \u00ab&nbsp;<strong>Ap\u00e9ros\nDoc, \u00e0 la maison&nbsp;\u00bb.<\/strong>  Une mani\u00e8re simple et\nconviviale de se retrouver entre ami.e.s, entre cin\u00e9philes, entre\nvoisins, entre spectateurs d\u2019\u00e2ges et de milieux diff\u00e9rents. Et,\napr\u00e8s les projections, autour d\u2019un verre, parler cadrage,\ndispositif de tournage, \u00e9criture, refaire le monde, parler tout\nsimplement de ce qui nous touche. \n<\/p>\n\n\n\n<p class=\"has-text-align-left\">Si l&rsquo;on remonte le temps, j\u2019ai particip\u00e9 au lancement de l\u2019association <em><strong>Cin\u00e9ma Impur<\/strong><\/em> avec J\u00e9r\u00f4me Amimer, aujourd\u2019hui producteur au sein de la soci\u00e9t\u00e9 <em><a rel=\"noreferrer noopener\" href=\"http:\/\/www.leitmotivprod.com\/\" target=\"_blank\">Leitmotiv Production<\/a> <\/em>, et Christophe Maingouteau, pour mettre en place \u00e0 Limoges des soir\u00e9es cin\u00e9ma, et par la suite un festival du Court-m\u00e9trage en 1994 et 1995 .  <\/p>\n\n\n\n<p class=\"has-text-align-left\">Puis, j\u2019ai organis\u00e9 pendant de nombreuses ann\u00e9es ( 1995 \u00e0 2009) au sein du Foyer de Jeunes Travailleurs de l\u2019association Varlin Pont Neuf \u00e0 Limoges des soir\u00e9es <em><strong>\u00ab Caf\u00e9 Vision \u00bb<\/strong><\/em>. J&rsquo;ai retrouv\u00e9 dans mes archives des  petits montages de ces ann\u00e9es, tourn\u00e9s et mont\u00e9s  avec les jeunes des ateliers <em><strong>Studio Image<\/strong><\/em>.   Dans les deux  montages  que je vous propose <em><strong>\u00ab&nbsp; souvenirs des ann\u00e9es 90&nbsp;\u00bb<\/strong><\/em> et <em><strong>\u00absouvenirs du d\u00e9but  des ann\u00e9es 2000&nbsp;\u00bb<\/strong><\/em>,  on y d\u00e9couvre bien l&rsquo;esprit  des <em><strong>Caf\u00e9 vision<\/strong><\/em>.  <\/p>\n\n\n\n<div class=\"wp-block-columns is-layout-flex wp-container-core-columns-is-layout-9d6595d7 wp-block-columns-is-layout-flex\">\n<div class=\"wp-block-column is-layout-flow wp-block-column-is-layout-flow\" style=\"flex-basis:30%\">\n<p>Convivialit\u00e9, d\u00e9couvertes, rencontres  restent les maitres mots qui ont forg\u00e9 d&rsquo;ann\u00e9e en ann\u00e9e la singularit\u00e9 de cette d\u00e9marche. <\/p>\n<\/div>\n\n\n\n<div class=\"wp-block-column is-layout-flow wp-block-column-is-layout-flow\" style=\"flex-basis:70%\">\n<iframe loading=\"lazy\" src=\"https:\/\/player.vimeo.com\/video\/416381850\" allow=\"autoplay; fullscreen\" allowfullscreen=\"\" width=\"320\" height=\"176\" frameborder=\"0\"><\/iframe>\n<\/div>\n<\/div>\n\n\n\n<p class=\"has-text-align-left\">Dans ce sous sol du FJT Varlin  pont-Neuf, le cin\u00e9ma documentaire  y a \u00e9t\u00e9 mis \u00e0 l&rsquo;honneur. Nous avons eu le plaisir d&rsquo;accueillir des r\u00e9alisateurs tels que,  Didier Nion,  Guy Girard, Laurent Hasse, Patrick S\u00e9raudie et aussi des r\u00e9alisatrices comme Dominique Cabrera, Lara Rastelli, Suzanne Chupin, Tessa Racine, Martine Lancelot etc&#8230; O\u00f9 encore , lors d&rsquo;un Caf\u00e9 vision exceptionnel men\u00e9 avec l&rsquo;association <em>M\u00e9moire \u00e0 Vif,<\/em> le r\u00e9alisateur Andr\u00e9 Gazut  accompagn\u00e9 de Simone de Bolladi\u00e8re, la femme du g\u00e9n\u00e9ral qui a refus\u00e9 de pratiquer la torture en Alg\u00e9rie.  <\/p>\n\n\n\n<div class=\"wp-block-columns is-layout-flex wp-container-core-columns-is-layout-9d6595d7 wp-block-columns-is-layout-flex\">\n<div class=\"wp-block-column is-layout-flow wp-block-column-is-layout-flow\" style=\"flex-basis:29%\">\n<p>Je  vous proposerai au fil des mes classements de nouvelles vid\u00e9os  issues  des  captations de ces d\u00e9bats.    <\/p>\n<\/div>\n\n\n\n<div class=\"wp-block-column is-layout-flow wp-block-column-is-layout-flow\" style=\"flex-basis:71%\">\n<iframe loading=\"lazy\" src=\"https:\/\/player.vimeo.com\/video\/416382555\" allow=\"autoplay; fullscreen\" allowfullscreen=\"\" width=\"320\" height=\"176\" frameborder=\"0\"><\/iframe>\n<\/div>\n<\/div>\n\n\n\n<p class=\"has-text-align-left\">Le cin\u00e9ma, qu&rsquo;il soit documentaire ou autre, est l\u00e0 pour nous \u00e9mouvoir en nous transportant dans d\u2019autres vies, en nous questionnant sur nos valeurs, nos id\u00e9aux, sur nous m\u00eame. Et peut-\u00eatre que le plaisir de regarder un \u00ab&nbsp;bon film&nbsp;\u00bb  ensemble,  s\u2019explique par ce que dit Truffaut dans son film \u00ab&nbsp;<strong>La nuit am\u00e9ricaine<\/strong>&nbsp;\u00bb \u00e0 Alphonse&nbsp;:  <em>\u00ab&nbsp; \u2026 les films sont plus harmonieux que la vie, il n\u2019y a pas d\u2019embouteillage dans les films, ils n\u2019y a pas de temps morts, les films avancent comme des trains, comme des trains dans la nuit, les gens comme toi, comme moi on est fait pour \u00eatre heureux dans notre travail, dans notre travail de cin\u00e9ma\u2026&nbsp;\u00bb <\/em> <\/p>\n\n\n\n<p class=\"has-text-align-left\">Il reste \u00e0 multiplier les initiatives, alors avis aux amateurs  de cin\u00e9ma, \u00e0 ceux qui font des films  (producteurs, productrices,  r\u00e9alisateurs, r\u00e9alisatrices, etc.),  \u00e0 ceux qui aimeraient  les regarder mais pas tout seul, \u00e0  venir  nous rejoindre pour donner un second souffle \u00e0 ces actions de diffusion,  pour faire de ce d\u00e9sir de donner \u00e0 voir autrement une r\u00e9alit\u00e9,<\/p>\n\n\n\n<p><\/p>\n<\/div>\n<\/div>\n\n\n\n<p><\/p>\n","protected":false},"excerpt":{"rendered":"<p>ggggggggggggghhdhdhdhdhdhdhdhdhdhdhdhdhdhdhdhdhddhdhdhdhhddhhddhdhhdhdhddhdh gfgfgfgfggfgfgfgfgfgfgfgfgfgfgfggfgfggfgfgfgfgfgfgfgfgfgffgfggfgfgfgfggffgfgfgfggfgfgfggfgfggffffffff dddfdfdfgbfffgfggffgfgfggfgfgfgfgfgfgffgfggfffgfgfgfgfggfgffgfgggffggfgfgfgfgfgffgf ggdggdgdgdgdgdgdgdgdgdgdgdgdgdggdgdgdgggdgdgdgdgdgdgdgdggdgdgdgdggdgdgd dfgfggggjgjgjgjgjgjgjgjgjgjgjgjgjjgjgjgjgjjgjgjgjgjgjgjgjjgjgjgjgjjgjggjjgjgjgjgjjgjgjgjjgjgjggg La r\u00e9alisation m\u2019a amen\u00e9e assez naturellement \u00e0 m\u2019int\u00e9resser \u00e0 la diffusion. A ce titre j&rsquo;ai entrepris une formation d&rsquo;animatrice et&hellip;<\/p>\n","protected":false},"author":1,"featured_media":0,"parent":0,"menu_order":0,"comment_status":"closed","ping_status":"closed","template":"","meta":{"footnotes":""},"class_list":["post-118","page","type-page","status-publish","hentry"],"_links":{"self":[{"href":"https:\/\/sylvietexier.fr\/index.php?rest_route=\/wp\/v2\/pages\/118","targetHints":{"allow":["GET"]}}],"collection":[{"href":"https:\/\/sylvietexier.fr\/index.php?rest_route=\/wp\/v2\/pages"}],"about":[{"href":"https:\/\/sylvietexier.fr\/index.php?rest_route=\/wp\/v2\/types\/page"}],"author":[{"embeddable":true,"href":"https:\/\/sylvietexier.fr\/index.php?rest_route=\/wp\/v2\/users\/1"}],"replies":[{"embeddable":true,"href":"https:\/\/sylvietexier.fr\/index.php?rest_route=%2Fwp%2Fv2%2Fcomments&post=118"}],"version-history":[{"count":54,"href":"https:\/\/sylvietexier.fr\/index.php?rest_route=\/wp\/v2\/pages\/118\/revisions"}],"predecessor-version":[{"id":1003,"href":"https:\/\/sylvietexier.fr\/index.php?rest_route=\/wp\/v2\/pages\/118\/revisions\/1003"}],"wp:attachment":[{"href":"https:\/\/sylvietexier.fr\/index.php?rest_route=%2Fwp%2Fv2%2Fmedia&parent=118"}],"curies":[{"name":"wp","href":"https:\/\/api.w.org\/{rel}","templated":true}]}}